{"id":19,"date":"2014-09-14T21:34:51","date_gmt":"2014-09-14T20:34:51","guid":{"rendered":"http:\/\/www.paramedical-brunard.com\/?page_id=19"},"modified":"2024-09-30T15:12:03","modified_gmt":"2024-09-30T14:12:03","slug":"les-psychologues","status":"publish","type":"page","link":"https:\/\/www.paramedical-brunard.com\/?page_id=19","title":{"rendered":"les Psychologues"},"content":{"rendered":"<hr \/>\n<p><strong>PAULINE FLACHER<br \/>\n<\/strong><\/p>\n<p>Psychologue clinicienne et psychoth\u00e9rapeute d\u2019orientation psychodynamique<\/p>\n<p>Dipl\u00f4m\u00e9e de l\u2019Universit\u00e9 Lumi\u00e8re Lyon 2.<\/p>\n<blockquote><p><strong>Consultations psychologiques, suivis de soutien et psychoth\u00e9rapies<\/strong>\u00a0 pour <strong>adultes<\/strong>, <strong>enfants<\/strong>, <strong>adolescents.<\/strong><\/p><\/blockquote>\n<ul>\n<li><strong>Entretiens individuels<br \/>\n<\/strong><\/li>\n<li><strong>Consultations de couples, de familles<br \/>\n<\/strong><\/li>\n<li><strong>Visio-consultations<\/strong><\/li>\n<li><strong>Consultations autour du b\u00e9b\u00e9 et de la grossesse<\/strong> : d\u00e9sir d\u2019enfant, parcours de procr\u00e9ation, IVG, grossesse arr\u00eat\u00e9e, deuil p\u00e9rinatal. Accompagnement psychique de la grossesse et de la p\u00e9rinatalit\u00e9. Premiers liens b\u00e9b\u00e9-parents. D\u00e9pression post partum, souffrance parentale. D\u00e9veloppement du b\u00e9b\u00e9, petite enfance. Parentalit\u00e9.<\/li>\n<li><strong>Supervision professionnelle<\/strong> (pour les professionnel.le.s et \u00e9tudiant.es de la p\u00e9rinatalit\u00e9, de la petite enfance, de l&rsquo;enseignement, du social, du milieu culturel qui souhaitent \u00eatre accompagn\u00e9.es et soutenu.es dans leur pratique, dans un cadre bienveillant et une m\u00e9thode de r\u00e9flexion commune, en individuel ou en groupe)<\/li>\n<\/ul>\n<blockquote><p>Sentiment de mal-\u00eatre, souffrances physiques et\/ou psychiques, d\u00e9pression, anxi\u00e9t\u00e9&#8230;<\/p><\/blockquote>\n<p>Difficult\u00e9s relationnelles,<\/p>\n<p>Questionnements identitaires,<\/p>\n<p>Moments de vie difficiles (maladie, s\u00e9paration, deuil\u2026) ou \u00e9tapes importantes de la vie (naissance, d\u00e9m\u00e9nagement, fin des \u00e9tudes&#8230;),<\/p>\n<p>Probl\u00e9matiques professionnelles, souffrance au travail, burn-out<\/p>\n<p>D\u00e9sir de changement, besoin de d\u00e9passer ses blocages, d\u2019\u00e9voluer dans sa vie personnelle\u2026<\/p>\n<p>Sont quelques-unes des raisons personnelles pouvant vous amener \u00e0 demander l&rsquo;aide d&rsquo;un.e psychologue.<\/p>\n<blockquote><p>Je vous accueille dans un cadre confidentiel et bienveillant, sans jugement, o\u00f9 vous pourrez \u00eatre entendu.e et o\u00f9 nous chercherons ensemble \u00e0 comprendre et \u00e0 faire \u00e9voluer la situation qui vous fait souffrir.<\/p><\/blockquote>\n<p><strong>Accessibilit\u00e9<\/strong><\/p>\n<p>Le cabinet est accessible aux personnes \u00e0 mobilit\u00e9 r\u00e9duite, ainsi qu\u2019aux poussettes.<\/p>\n<p>Je peux me d\u00e9placer \u00e0 votre domicile ou sur votre lieu d&rsquo;hospitalisation si votre mobilit\u00e9 est compliqu\u00e9e ou emp\u00each\u00e9e (grossesse difficile, p\u00e9rinatalit\u00e9, maladie, handicap), et si le secteur est possible pour moi (me demander). <strong>Je propose aussi des consultations en visio<\/strong>, qui sont une autre mani\u00e8re de se rencontrer, d&rsquo;\u00eatre en lien et de travailler sur soi.<\/p>\n<p><strong>Je vous accueille aussi dans mon cabinet de Villeurbanne, <\/strong>63 bd Eug\u00e8ne Reguillon, m\u00e9tro Cusset, bus c3, c11, tram T4) o\u00f9 je travaille l&rsquo;autre moiti\u00e9 de la semaine.<\/p>\n<p><strong>Pour me contacter, avoir des renseignements, prendre ou modifier un rendez-vous<\/strong> <strong>:<\/strong><br \/>\nMobile : <strong>06 22 79 21 69<\/strong><br \/>\nE-mail : <strong>pauline.flacher@gmail.com<\/strong><\/p>\n<p><strong>En prenant rendez-vous, vous vous engagez \u00e0 honorer ce rendez-vous. <\/strong><\/p>\n<p><strong>En cas d&#8217;emp\u00eachement, merci de m&rsquo;en informer au moins 48h \u00e0 l&rsquo;avance, je pourrai ainsi chercher avec vous un autre cr\u00e9neau qui vous convienne. <\/strong><\/p>\n<p><strong>Tout rendez-vous non honor\u00e9 ou annul\u00e9 au minimum 48h \u00e0 l&rsquo;avance vous sera factur\u00e9.<br \/>\n<\/strong><\/p>\n<p>Merci de votre compr\u00e9hension<\/p>\n<hr \/>\n<p><strong>\u00a0<\/strong><\/p>\n","protected":false},"excerpt":{"rendered":"<p class=\"excerpt\">PAULINE FLACHER Psychologue clinicienne et psychoth\u00e9rapeute d\u2019orientation psychodynamique Dipl\u00f4m\u00e9e de l\u2019Universit\u00e9 Lumi\u00e8re Lyon 2. Consultations psychologiques, suivis de soutien et psychoth\u00e9rapies\u00a0 pour adultes, enfants, adolescents. Entretiens individuels Consultations de couples, de familles Visio-consultations Consultations autour du b\u00e9b\u00e9 et de la grossesse : d\u00e9sir d\u2019enfant, parcours de procr\u00e9ation, IVG, grossesse arr\u00eat\u00e9e, deuil p\u00e9rinatal. Accompagnement psychique de la grossesse et de la&hellip;<\/p>\n<p class=\"more-link-p\"><a class=\"btn btn-default\" href=\"https:\/\/www.paramedical-brunard.com\/?page_id=19\">Read more<\/a><\/p>\n","protected":false},"author":1,"featured_media":0,"parent":0,"menu_order":4,"comment_status":"open","ping_status":"closed","template":"","meta":{"footnotes":""},"class_list":["post-19","page","type-page","status-publish","hentry"],"_links":{"self":[{"href":"https:\/\/www.paramedical-brunard.com\/index.php?rest_route=\/wp\/v2\/pages\/19","targetHints":{"allow":["GET"]}}],"collection":[{"href":"https:\/\/www.paramedical-brunard.com\/index.php?rest_route=\/wp\/v2\/pages"}],"about":[{"href":"https:\/\/www.paramedical-brunard.com\/index.php?rest_route=\/wp\/v2\/types\/page"}],"author":[{"embeddable":true,"href":"https:\/\/www.paramedical-brunard.com\/index.php?rest_route=\/wp\/v2\/users\/1"}],"replies":[{"embeddable":true,"href":"https:\/\/www.paramedical-brunard.com\/index.php?rest_route=%2Fwp%2Fv2%2Fcomments&post=19"}],"version-history":[{"count":58,"href":"https:\/\/www.paramedical-brunard.com\/index.php?rest_route=\/wp\/v2\/pages\/19\/revisions"}],"predecessor-version":[{"id":386,"href":"https:\/\/www.paramedical-brunard.com\/index.php?rest_route=\/wp\/v2\/pages\/19\/revisions\/386"}],"wp:attachment":[{"href":"https:\/\/www.paramedical-brunard.com\/index.php?rest_route=%2Fwp%2Fv2%2Fmedia&parent=19"}],"curies":[{"name":"wp","href":"https:\/\/api.w.org\/{rel}","templated":true}]}}