{"id":8,"date":"2014-09-14T20:53:19","date_gmt":"2014-09-14T19:53:19","guid":{"rendered":"http:\/\/www.paramedical-brunard.com\/?page_id=8"},"modified":"2020-04-28T22:51:46","modified_gmt":"2020-04-28T21:51:46","slug":"les-kinesitherapeutes","status":"publish","type":"page","link":"https:\/\/www.paramedical-brunard.com\/?page_id=8","title":{"rendered":"les Kin\u00e9sith\u00e9rapeutes"},"content":{"rendered":"<p>&nbsp;<\/p>\n<div>M\u00e9lanie Calloud-Brun vous re\u00e7oit le lundi matin, mardi, jeudi et vendredi. Elle r\u00e9alise tout type de prise en charge et plus particuli\u00e8rement de la r\u00e9\u00e9ducation p\u00e9rin\u00e9ale et p\u00e9diatrique ainsi que des soins \u00e0 domicile.Elle vous propose \u00e9galement des formations massage b\u00e9b\u00e9.<\/div>\n<div><\/div>\n<div><\/div>\n<div>Jean luc Lasserre vous re\u00e7oit le mardi, le mercredi apr\u00e8s midi et le vendredi en s\u00e9ance individuelle. Il est sp\u00e9cialis\u00e9 en ondes de choc radiales ( NB :prise en charge partielle) ; en particulier sur les tendinites\u00a0 et pratique l\u2019ost\u00e9opathie.<\/div>\n<div><\/div>\n<div><\/div>\n<div>Rapha\u00eblle Bouvier est pr\u00e9sente du lundi au jeudi au cabinet ou \u00e0 domicile et assure tout type de prise en charge et en particulier la r\u00e9\u00e9ducation p\u00e9rin\u00e9ale et r\u00e9\u00e9ducation de l&rsquo;enfant et de l&rsquo;adolescent.<\/div>\n<div><\/div>\n<div><\/div>\n<div>Doroth\u00e9e Ozen pr\u00e9sente du lundi au vendredi propose une prise en charge pour tout type de pathologies ainsi que des soins \u00e0 domicile.<\/div>\n<div><\/div>\n<div><\/div>\n<div><span dir=\"ltr\">Un collaborateur, <\/span><span dir=\"ltr\">Xavier <\/span><span dir=\"ltr\">Mallamaci , est pr\u00e9sent \u00e0 la demande pour une prise en charge sp\u00e9cifique\u00a0 des musiciens.<\/span><\/div>\n<div><\/div>\n<div><\/div>\n<div>Le cabinet est \u00e9quip\u00e9 en outre,\u00a0 en appareil d&rsquo;ultrasons, de cryoth\u00e9rapie.\u00a0 Nous traitons toutes les pathologies classiques li\u00e9es \u00e0 la kin\u00e9sith\u00e9rapie.<\/div>\n","protected":false},"excerpt":{"rendered":"<p class=\"excerpt\">&nbsp; M\u00e9lanie Calloud-Brun vous re\u00e7oit le lundi matin, mardi, jeudi et vendredi. Elle r\u00e9alise tout type de prise en charge et plus particuli\u00e8rement de la r\u00e9\u00e9ducation p\u00e9rin\u00e9ale et p\u00e9diatrique ainsi que des soins \u00e0 domicile.Elle vous propose \u00e9galement des formations massage b\u00e9b\u00e9. Jean luc Lasserre vous re\u00e7oit le mardi, le mercredi apr\u00e8s midi et le vendredi en s\u00e9ance individuelle. Il&hellip;<\/p>\n<p class=\"more-link-p\"><a class=\"btn btn-default\" href=\"https:\/\/www.paramedical-brunard.com\/?page_id=8\">Read more<\/a><\/p>\n","protected":false},"author":1,"featured_media":0,"parent":0,"menu_order":2,"comment_status":"open","ping_status":"closed","template":"","meta":{"footnotes":""},"class_list":["post-8","page","type-page","status-publish","hentry"],"_links":{"self":[{"href":"https:\/\/www.paramedical-brunard.com\/index.php?rest_route=\/wp\/v2\/pages\/8","targetHints":{"allow":["GET"]}}],"collection":[{"href":"https:\/\/www.paramedical-brunard.com\/index.php?rest_route=\/wp\/v2\/pages"}],"about":[{"href":"https:\/\/www.paramedical-brunard.com\/index.php?rest_route=\/wp\/v2\/types\/page"}],"author":[{"embeddable":true,"href":"https:\/\/www.paramedical-brunard.com\/index.php?rest_route=\/wp\/v2\/users\/1"}],"replies":[{"embeddable":true,"href":"https:\/\/www.paramedical-brunard.com\/index.php?rest_route=%2Fwp%2Fv2%2Fcomments&post=8"}],"version-history":[{"count":9,"href":"https:\/\/www.paramedical-brunard.com\/index.php?rest_route=\/wp\/v2\/pages\/8\/revisions"}],"predecessor-version":[{"id":276,"href":"https:\/\/www.paramedical-brunard.com\/index.php?rest_route=\/wp\/v2\/pages\/8\/revisions\/276"}],"wp:attachment":[{"href":"https:\/\/www.paramedical-brunard.com\/index.php?rest_route=%2Fwp%2Fv2%2Fmedia&parent=8"}],"curies":[{"name":"wp","href":"https:\/\/api.w.org\/{rel}","templated":true}]}}